{"id":18,"date":"2011-04-18T14:10:07","date_gmt":"2011-04-18T14:10:07","guid":{"rendered":"https:\/\/bastaskar.se\/?page_id=18"},"modified":"2020-07-04T12:56:23","modified_gmt":"2020-07-04T10:56:23","slug":"stiftelsen","status":"publish","type":"page","link":"http:\/\/bastaskar.se\/?page_id=18","title":{"rendered":"Stiftelsen"},"content":{"rendered":"<p><strong>Stiftelsen Walter Bengtsson<\/strong><br \/>\n<a href=\"http:\/\/bastaskar.se\/wp-content\/uploads\/konsten_bild_08.jpg\" rel=\"lightbox[stiftelsen]\"><img loading=\"lazy\" decoding=\"async\" class=\"alignleft size-thumbnail wp-image-91\" title=\"konsten_bild_08\" src=\"http:\/\/bastaskar.se\/wp-content\/uploads\/konsten_bild_08-150x111.jpg\" alt=\"\" width=\"150\" height=\"111\" srcset=\"http:\/\/bastaskar.se\/wp-content\/uploads\/konsten_bild_08-150x111.jpg 150w, http:\/\/bastaskar.se\/wp-content\/uploads\/konsten_bild_08-300x222.jpg 300w, http:\/\/bastaskar.se\/wp-content\/uploads\/konsten_bild_08.jpg 400w\" sizes=\"auto, (max-width: 150px) 100vw, 150px\" \/><\/a>Skulpt\u00f6ren, m\u00e5laren och grafikern Walter Bengtsson (1927 &#8211; 1998) utbildades vid Valands konstskola i G\u00f6teborg 1954 &#8211; 1958. \u00c5ret d\u00e4rp\u00e5 fortsatte han sina konststudier vid <em>Academia de Brera<\/em> i Milano under ledning av <em>Marino Marini<\/em>. 1971 invaldes Walter Bengtsson som ledamot i Svenska konstakademien.<\/p>\n<p>Konstn\u00e4ren utf\u00f6rde ett sjuttiotal monumentala skulpturer i offentliga milj\u00f6er runt om i Sverige. I hemstaden Halmstad finns bland annat &#8221;<em>Laxen g\u00e5r upp<\/em>&#8221; (1958) vid Slottsbron och &#8221;<em>L\u00e4kekonstens historia<\/em>&#8221; (1986) i entr\u00e9n till L\u00e4nssjukhuset. Mest k\u00e4nd \u00e4r han troligtvis f\u00f6r sin v\u00e4ggutsmyckning &#8221;<em>Spelrum Futurum<\/em>&#8221; (1967), Kakn\u00e4stornet i Stockholm. Walter Bengtsson skapade en sinnligt, lekfull konst f\u00f6r \u00f6ga, \u00f6ra och hand i sina &#8221;<em>Gl\u00e4djebl\u00e5sare<\/em>&#8221; &#8211; skulpturer som ger ifr\u00e5n sig ljud d\u00e5 de vidr\u00f6rs.<\/p>\n<p>Stiftelsen Walter Bengtsson\/Atelj\u00e9 Bastask\u00e4r har som uppgift att f\u00f6rvalta efterl\u00e4mnade verk; ett hundratal skulpturer, m\u00e5lningar och skisser vilka sp\u00e4nner \u00f6ver hela hans konstn\u00e4rliga verksamhet.<\/p>\n<p><a href=\"http:\/\/bastaskar.se\/wp-content\/uploads\/konsten_bild_16b.jpg\" rel=\"lightbox[stiftelsen]\"><img loading=\"lazy\" decoding=\"async\" class=\"size-thumbnail wp-image-103 alignright\" title=\"konsten_bild_16b\" src=\"http:\/\/bastaskar.se\/wp-content\/uploads\/konsten_bild_16b-150x98.jpg\" alt=\"\" width=\"150\" height=\"98\" srcset=\"http:\/\/bastaskar.se\/wp-content\/uploads\/konsten_bild_16b-150x98.jpg 150w, http:\/\/bastaskar.se\/wp-content\/uploads\/konsten_bild_16b-300x196.jpg 300w, http:\/\/bastaskar.se\/wp-content\/uploads\/konsten_bild_16b.jpg 400w\" sizes=\"auto, (max-width: 150px) 100vw, 150px\" \/><\/a>Det ligger i stiftelsens intresse att s\u00e5 l\u00e5ngt det \u00e4r m\u00f6jligt, beh\u00e5lla denna konstsamling intakt i skulpt\u00f6rens Atelj\u00e9 Bastask\u00e4r i Gr\u00f6tvik, utanf\u00f6r Halmstad. Vidare \u00e4r det stiftelsens m\u00e5ls\u00e4ttning att genom \u00e5terkommande utst\u00e4llningar presentera konstn\u00e4rer, som p\u00e5 olika s\u00e4tt haft samr\u00f6re med Walter Bengtsson. I allm\u00e4nhetens intresse arrangeras \u00e4ven guidade visningar i galleriet vid Atelj\u00e9 Bastask\u00e4r.<\/p>\n<p>Stiftelsen grundades 1998 av konstn\u00e4ren Walter Bengtsson, ledamot av svenska konstakademien, och dennes hustru Ullabritt Bengtsson.<\/p>\n<p>Syftet \u00e4r att intakt bevara en samling av skulpt\u00f6rens livsverk fr\u00e5n olika perioder av Walter Bengtssons konstn\u00e4rliga verksamhet och genom att visa upp denna konstsamling, inspirera s\u00e5v\u00e4l allm\u00e4nheten som ut\u00f6vande konstn\u00e4rer.<\/p>\n<p>Stiftelsen arrangerar d\u00e4rf\u00f6r \u00e5terkommande utst\u00e4llningar av Walter Bengtssons konst, men ger \u00e4ven m\u00f6jlighet f\u00f6r andra konstn\u00e4rer av h\u00f6g kvalitet att visa sin verk i Atelj\u00e9 Bastask\u00e4rs tillh\u00f6rande galleri.<\/p>\n<p><a href=\"http:\/\/bastaskar.se\/wp-content\/uploads\/konsten_bild_31b.jpg\" rel=\"lightbox[stiftelsen]\"><img loading=\"lazy\" decoding=\"async\" class=\"alignleft size-thumbnail wp-image-123\" title=\"konsten_bild_31b\" src=\"http:\/\/bastaskar.se\/wp-content\/uploads\/konsten_bild_31b-112x150.jpg\" alt=\"\" width=\"112\" height=\"150\" srcset=\"http:\/\/bastaskar.se\/wp-content\/uploads\/konsten_bild_31b-112x150.jpg 112w, http:\/\/bastaskar.se\/wp-content\/uploads\/konsten_bild_31b-225x300.jpg 225w, http:\/\/bastaskar.se\/wp-content\/uploads\/konsten_bild_31b.jpg 300w\" sizes=\"auto, (max-width: 112px) 100vw, 112px\" \/><\/a>Verksamheten har de senaste \u00e5ren bland annat innefattat minnesutst\u00e4llning om Walter Bengtsson \u00e5r 2000, sommarutst\u00e4llningar av Sven X:et Erixson 2001 och norska konstn\u00e4rerna Jan Thomas Njerve och Ingar Oistad \u00e5r 2002. Sommaren 2003 visade glasbl\u00e5sarna Jan-Erik Ritzman och Sven-\u00c5ke Carlsson glaskonst tillsammans med Walter Bengtssons skulpturer. 2004 Per-Olof Nilsson m\u00e5leri och grafik &#8221;Walter l\u00e4rde mig grunderna&#8221; och 2005 Yrj\u00f6 Edelmann, m\u00e5leri och grafik samt 2006 Ardy St\u00fcwer m\u00e5leri och grafik.<\/p>\n<p>D\u00e4rut\u00f6ver har stiftelsen medverkat till tre vandringsutst\u00e4llningar med Walter Bengtssons konst.<\/p>\n<p>Ett flertal visningar har anordnats f\u00f6r konstklubbar, konstf\u00f6reningar, skolklasser, personalgrupper fr\u00e5n sjukv\u00e5rd, skola, bibliotek m.m. Stiftelsen har speciellt inriktat sig p\u00e5 guidade visningar f\u00f6r synskadade.<\/p>\n<p>F\u00f6rutom utst\u00e4llningsverksamheten arbetar stiftelsen fortg\u00e5ende med inventering och dokumentation av Walter Bengtssons konstn\u00e4rliga g\u00e4rning med bland annat fotografering av dennes offentliga utsmyckningar i Sverige.<\/p>\n<p><strong>Styrelsemedlemmar:<\/strong><br \/>\n<em>Jan Fock<\/em><br \/>\n<em> Marie Madsen<\/em><br \/>\n<em> Eva Bengtsson<\/em><br \/>\n<em> Lena Bengtsson<\/em><br \/>\n<em> H\u00e5kan Madsen<\/em><br \/>\n<em> Eva Andersson<\/em><br \/>\n<em> Claes Johansson<br \/>\nChristian Madsen<br \/>\nTorbj\u00f6rn Johansson<br \/>\nCasper Malmgren<br \/>\n<\/em><\/p>\n<p><em>Tidigare styrelsemedlemmar<br \/>\nUlla-Britt Bengtsson<br \/>\nAnita Nilsson<br \/>\n<\/em><\/p>\n","protected":false},"excerpt":{"rendered":"<p>Stiftelsen Walter Bengtsson Skulpt\u00f6ren, m\u00e5laren och grafikern Walter Bengtsson (1927 &#8211; 1998) utbildades vid Valands konstskola i G\u00f6teborg 1954 &#8211; 1958. \u00c5ret d\u00e4rp\u00e5 fortsatte han sina konststudier vid Academia de Brera i Milano under ledning av Marino Marini. 1971 invaldes Walter Bengtsson som ledamot i Svenska konstakademien. Konstn\u00e4ren utf\u00f6rde ett sjuttiotal monumentala skulpturer i offentliga&#8230;<\/p>\n","protected":false},"author":1,"featured_media":0,"parent":0,"menu_order":5,"comment_status":"closed","ping_status":"open","template":"","meta":{"footnotes":""},"class_list":["post-18","page","type-page","status-publish","hentry"],"_links":{"self":[{"href":"http:\/\/bastaskar.se\/index.php?rest_route=\/wp\/v2\/pages\/18","targetHints":{"allow":["GET"]}}],"collection":[{"href":"http:\/\/bastaskar.se\/index.php?rest_route=\/wp\/v2\/pages"}],"about":[{"href":"http:\/\/bastaskar.se\/index.php?rest_route=\/wp\/v2\/types\/page"}],"author":[{"embeddable":true,"href":"http:\/\/bastaskar.se\/index.php?rest_route=\/wp\/v2\/users\/1"}],"replies":[{"embeddable":true,"href":"http:\/\/bastaskar.se\/index.php?rest_route=%2Fwp%2Fv2%2Fcomments&post=18"}],"version-history":[{"count":7,"href":"http:\/\/bastaskar.se\/index.php?rest_route=\/wp\/v2\/pages\/18\/revisions"}],"predecessor-version":[{"id":528,"href":"http:\/\/bastaskar.se\/index.php?rest_route=\/wp\/v2\/pages\/18\/revisions\/528"}],"wp:attachment":[{"href":"http:\/\/bastaskar.se\/index.php?rest_route=%2Fwp%2Fv2%2Fmedia&parent=18"}],"curies":[{"name":"wp","href":"https:\/\/api.w.org\/{rel}","templated":true}]}}